{"id":19423,"date":"2022-09-15T07:43:55","date_gmt":"2022-09-15T07:43:55","guid":{"rendered":"https:\/\/artbusinessclub.eu\/?page_id=19423"},"modified":"2022-09-15T07:57:45","modified_gmt":"2022-09-15T07:57:45","slug":"szekely-endre-1917-2014","status":"publish","type":"page","link":"https:\/\/artbusinessclub.eu\/en\/szekely-endre-1917-2014\/","title":{"rendered":"Sz\u00e9kely Endre (1917-2014)"},"content":{"rendered":"<div data-elementor-type=\"wp-page\" data-elementor-id=\"19423\" class=\"elementor elementor-19423\" data-elementor-post-type=\"page\">\n\t\t\t\t\t\t<section class=\"elementor-section elementor-top-section elementor-element elementor-element-ab7b421 elementor-section-boxed elementor-section-height-default elementor-section-height-default\" data-id=\"ab7b421\" data-element_type=\"section\" data-e-type=\"section\">\n\t\t\t\t\t\t<div class=\"elementor-container elementor-column-gap-default\">\n\t\t\t\t\t<div class=\"elementor-column elementor-col-100 elementor-top-column elementor-element elementor-element-b873a55\" data-id=\"b873a55\" data-element_type=\"column\" data-e-type=\"column\">\n\t\t\t<div class=\"elementor-widget-wrap elementor-element-populated\">\n\t\t\t\t\t\t<div class=\"elementor-element elementor-element-9642eeb elementor-widget elementor-widget-heading\" data-id=\"9642eeb\" data-element_type=\"widget\" data-e-type=\"widget\" data-widget_type=\"heading.default\">\n\t\t\t\t<div class=\"elementor-widget-container\">\n\t\t\t\t\t<h2 class=\"elementor-heading-title elementor-size-default\">Sz\u00e9kely Endre (1917-2014)<\/h2>\t\t\t\t<\/div>\n\t\t\t\t<\/div>\n\t\t\t\t\t<\/div>\n\t\t<\/div>\n\t\t\t\t\t<\/div>\n\t\t<\/section>\n\t\t\t\t<section class=\"elementor-section elementor-top-section elementor-element elementor-element-b73d44f elementor-section-full_width elementor-section-height-default elementor-section-height-default\" data-id=\"b73d44f\" data-element_type=\"section\" data-e-type=\"section\">\n\t\t\t\t\t\t<div class=\"elementor-container elementor-column-gap-default\">\n\t\t\t\t\t<div class=\"elementor-column elementor-col-100 elementor-top-column elementor-element elementor-element-bd9c2c5\" data-id=\"bd9c2c5\" data-element_type=\"column\" data-e-type=\"column\">\n\t\t\t<div class=\"elementor-widget-wrap elementor-element-populated\">\n\t\t\t\t\t\t<div class=\"elementor-element elementor-element-b856e75 elementor-widget elementor-widget-spacer\" data-id=\"b856e75\" data-element_type=\"widget\" data-e-type=\"widget\" data-widget_type=\"spacer.default\">\n\t\t\t\t<div class=\"elementor-widget-container\">\n\t\t\t\t\t\t\t<div class=\"elementor-spacer\">\n\t\t\t<div class=\"elementor-spacer-inner\"><\/div>\n\t\t<\/div>\n\t\t\t\t\t\t<\/div>\n\t\t\t\t<\/div>\n\t\t\t\t\t<\/div>\n\t\t<\/div>\n\t\t\t\t\t<\/div>\n\t\t<\/section>\n\t\t\t\t<section class=\"elementor-section elementor-top-section elementor-element elementor-element-364ccd7 elementor-section-boxed elementor-section-height-default elementor-section-height-default\" data-id=\"364ccd7\" data-element_type=\"section\" data-e-type=\"section\">\n\t\t\t\t\t\t<div class=\"elementor-container elementor-column-gap-default\">\n\t\t\t\t\t<div class=\"elementor-column elementor-col-100 elementor-top-column elementor-element elementor-element-c791ab5\" data-id=\"c791ab5\" data-element_type=\"column\" data-e-type=\"column\">\n\t\t\t<div class=\"elementor-widget-wrap elementor-element-populated\">\n\t\t\t\t\t\t<div class=\"elementor-element elementor-element-96cee41 elementor-widget elementor-widget-text-editor\" data-id=\"96cee41\" data-element_type=\"widget\" data-e-type=\"widget\" data-widget_type=\"text-editor.default\">\n\t\t\t\t<div class=\"elementor-widget-container\">\n\t\t\t\t\t\t\t\t\t<p>Teljes nev\u00e9n Sz\u00e9kely Endre \u00c1rp\u00e1d fest\u0151, fot\u00f3m\u0171v\u00e9sz, aki 1917-ben az Osztr\u00e1k-Magyar Monarchia idej\u00e9n sz\u00fcletett Budapesten \u00e9s 2014-ben Nagykanizs\u00e1n halt meg.<\/p>\t\t\t\t\t\t\t\t<\/div>\n\t\t\t\t<\/div>\n\t\t\t\t\t<\/div>\n\t\t<\/div>\n\t\t\t\t\t<\/div>\n\t\t<\/section>\n\t\t\t\t<section class=\"elementor-section elementor-top-section elementor-element elementor-element-77c615a elementor-section-boxed elementor-section-height-default elementor-section-height-default\" data-id=\"77c615a\" data-element_type=\"section\" data-e-type=\"section\">\n\t\t\t\t\t\t<div class=\"elementor-container elementor-column-gap-default\">\n\t\t\t\t\t<div class=\"elementor-column elementor-col-33 elementor-top-column elementor-element elementor-element-8185a54\" data-id=\"8185a54\" data-element_type=\"column\" data-e-type=\"column\">\n\t\t\t<div class=\"elementor-widget-wrap elementor-element-populated\">\n\t\t\t\t\t\t<div class=\"elementor-element elementor-element-f9aad76 elementor-widget elementor-widget-image\" data-id=\"f9aad76\" data-element_type=\"widget\" data-e-type=\"widget\" data-widget_type=\"image.default\">\n\t\t\t\t<div class=\"elementor-widget-container\">\n\t\t\t\t\t\t\t\t\t\t\t\t\t\t\t<img fetchpriority=\"high\" decoding=\"async\" width=\"396\" height=\"600\" src=\"https:\/\/artbusinessclub.eu\/wp-content\/uploads\/2022\/09\/Szekely-Endre-kisgyerek.jpg\" class=\"attachment-medium_large size-medium_large wp-image-19426\" alt=\"\" srcset=\"https:\/\/artbusinessclub.eu\/wp-content\/uploads\/2022\/09\/Szekely-Endre-kisgyerek.jpg 396w, https:\/\/artbusinessclub.eu\/wp-content\/uploads\/2022\/09\/Szekely-Endre-kisgyerek-198x300.jpg 198w, https:\/\/artbusinessclub.eu\/wp-content\/uploads\/2022\/09\/Szekely-Endre-kisgyerek-8x12.jpg 8w\" sizes=\"(max-width: 396px) 100vw, 396px\" \/>\t\t\t\t\t\t\t\t\t\t\t\t\t\t\t<\/div>\n\t\t\t\t<\/div>\n\t\t\t\t\t<\/div>\n\t\t<\/div>\n\t\t\t\t<div class=\"elementor-column elementor-col-33 elementor-top-column elementor-element elementor-element-279daa8\" data-id=\"279daa8\" data-element_type=\"column\" data-e-type=\"column\">\n\t\t\t<div class=\"elementor-widget-wrap elementor-element-populated\">\n\t\t\t\t\t\t<div class=\"elementor-element elementor-element-7d8ae74 elementor-widget elementor-widget-image\" data-id=\"7d8ae74\" data-element_type=\"widget\" data-e-type=\"widget\" data-widget_type=\"image.default\">\n\t\t\t\t<div class=\"elementor-widget-container\">\n\t\t\t\t\t\t\t\t\t\t\t\t\t\t\t<img decoding=\"async\" width=\"395\" height=\"600\" src=\"https:\/\/artbusinessclub.eu\/wp-content\/uploads\/2022\/09\/Szekely-Endre-2.jpg\" class=\"attachment-medium_large size-medium_large wp-image-19427\" alt=\"\" srcset=\"https:\/\/artbusinessclub.eu\/wp-content\/uploads\/2022\/09\/Szekely-Endre-2.jpg 395w, https:\/\/artbusinessclub.eu\/wp-content\/uploads\/2022\/09\/Szekely-Endre-2-198x300.jpg 198w, https:\/\/artbusinessclub.eu\/wp-content\/uploads\/2022\/09\/Szekely-Endre-2-8x12.jpg 8w\" sizes=\"(max-width: 395px) 100vw, 395px\" \/>\t\t\t\t\t\t\t\t\t\t\t\t\t\t\t<\/div>\n\t\t\t\t<\/div>\n\t\t\t\t\t<\/div>\n\t\t<\/div>\n\t\t\t\t<div class=\"elementor-column elementor-col-33 elementor-top-column elementor-element elementor-element-ec8bb72\" data-id=\"ec8bb72\" data-element_type=\"column\" data-e-type=\"column\">\n\t\t\t<div class=\"elementor-widget-wrap elementor-element-populated\">\n\t\t\t\t\t\t<div class=\"elementor-element elementor-element-48ff44f elementor-widget elementor-widget-image\" data-id=\"48ff44f\" data-element_type=\"widget\" data-e-type=\"widget\" data-widget_type=\"image.default\">\n\t\t\t\t<div class=\"elementor-widget-container\">\n\t\t\t\t\t\t\t\t\t\t\t\t\t\t\t<img decoding=\"async\" width=\"386\" height=\"518\" src=\"https:\/\/artbusinessclub.eu\/wp-content\/uploads\/2022\/09\/Szekely-Endre-3.jpg\" class=\"attachment-medium_large size-medium_large wp-image-19428\" alt=\"\" srcset=\"https:\/\/artbusinessclub.eu\/wp-content\/uploads\/2022\/09\/Szekely-Endre-3.jpg 386w, https:\/\/artbusinessclub.eu\/wp-content\/uploads\/2022\/09\/Szekely-Endre-3-224x300.jpg 224w, https:\/\/artbusinessclub.eu\/wp-content\/uploads\/2022\/09\/Szekely-Endre-3-9x12.jpg 9w\" sizes=\"(max-width: 386px) 100vw, 386px\" \/>\t\t\t\t\t\t\t\t\t\t\t\t\t\t\t<\/div>\n\t\t\t\t<\/div>\n\t\t\t\t\t<\/div>\n\t\t<\/div>\n\t\t\t\t\t<\/div>\n\t\t<\/section>\n\t\t\t\t<section class=\"elementor-section elementor-top-section elementor-element elementor-element-fe057d2 elementor-section-boxed elementor-section-height-default elementor-section-height-default\" data-id=\"fe057d2\" data-element_type=\"section\" data-e-type=\"section\">\n\t\t\t\t\t\t<div class=\"elementor-container elementor-column-gap-default\">\n\t\t\t\t\t<div class=\"elementor-column elementor-col-100 elementor-top-column elementor-element elementor-element-92c3759\" data-id=\"92c3759\" data-element_type=\"column\" data-e-type=\"column\">\n\t\t\t<div class=\"elementor-widget-wrap elementor-element-populated\">\n\t\t\t\t\t\t<div class=\"elementor-element elementor-element-67565ad elementor-widget elementor-widget-spacer\" data-id=\"67565ad\" data-element_type=\"widget\" data-e-type=\"widget\" data-widget_type=\"spacer.default\">\n\t\t\t\t<div class=\"elementor-widget-container\">\n\t\t\t\t\t\t\t<div class=\"elementor-spacer\">\n\t\t\t<div class=\"elementor-spacer-inner\"><\/div>\n\t\t<\/div>\n\t\t\t\t\t\t<\/div>\n\t\t\t\t<\/div>\n\t\t\t\t\t<\/div>\n\t\t<\/div>\n\t\t\t\t\t<\/div>\n\t\t<\/section>\n\t\t\t\t<section class=\"elementor-section elementor-top-section elementor-element elementor-element-1a4e38e elementor-section-boxed elementor-section-height-default elementor-section-height-default\" data-id=\"1a4e38e\" data-element_type=\"section\" data-e-type=\"section\">\n\t\t\t\t\t\t<div class=\"elementor-container elementor-column-gap-default\">\n\t\t\t\t\t<div class=\"elementor-column elementor-col-100 elementor-top-column elementor-element elementor-element-67f295d\" data-id=\"67f295d\" data-element_type=\"column\" data-e-type=\"column\">\n\t\t\t<div class=\"elementor-widget-wrap elementor-element-populated\">\n\t\t\t\t\t\t<div class=\"elementor-element elementor-element-6da8cc5 elementor-widget elementor-widget-text-editor\" data-id=\"6da8cc5\" data-element_type=\"widget\" data-e-type=\"widget\" data-widget_type=\"text-editor.default\">\n\t\t\t\t<div class=\"elementor-widget-container\">\n\t\t\t\t\t\t\t\t\t<p>Az I. vil\u00e1gh\u00e1bor\u00fa borzalmaival teli id\u0151szak\u00e1ban sz\u00fcletik meg, majd cseperedik fel Budapesten. Elt\u00f6k\u00e9lt tehets\u00e9ges ifj\u00fak\u00e9nt kezd el rajzolni. Els\u0151 rajztan\u00e1ra R\u00e9vfy K\u00e1ldi J\u00e1nos grafikus, majd a kiv\u00e1l\u00f3 Vaszary tan\u00edtv\u00e1ny, \u00a0k\u00e9s\u0151bbi tan\u00e1rseg\u00e9d Em\u0151d Aur\u00e9l (1887-1958) sz\u00e1rnyai alatt tanulhatott az Iparrajziskol\u00e1ban 1935-1939 k\u00f6z\u00f6tt. Nem csak Em\u0151d tan\u00e1r \u00far, de maga Vaszary J\u00e1nos (1867-1939) is figyelemmel k\u00eds\u00e9rte a tehets\u00e9ges f\u00e9l\u00e1rva ifj\u00fat, aki gyakran adott neki mag\u00e1n\u00f3r\u00e1kat a budapesti Attila k\u00f6r\u00fati lak\u00e1s\u00e1ban. Ez nagy hat\u00e1ssal volt az ifj\u00fa tehets\u00e9gre, amely a j\u00f6v\u0151beni k\u00e9pein is gyakran visszak\u00f6sz\u00f6n. Seg\u00edts\u00e9g\u00e9\u00e9rt sem p\u00e9nzt, sem k\u00f6sz\u00f6netet nem fogadott el.\u00a0 \u201eNem \u00d6n\u00e9rt tettem, hanem a m\u0171v\u00e9szet\u00e9\u00e9rt.\u201d &#8211; szokta mondani a mester. Ebben az id\u0151ben ismerkedik meg \u00e9s k\u00f6t bar\u00e1ts\u00e1got t\u00f6bb h\u00edress\u00e9 v\u00e1lt Vaszary \u00e9s nem Vaszary tan\u00edtv\u00e1nnyal is, mint pl. Anna Margit (1913-1991) &#8211; akibe fiatalabb kora ellen\u00e9re bele is szeretett , de tal\u00e1n csak pl\u00e1t\u00f3i szerelemr\u0151l besz\u00e9lhet\u00fcnk, mivel szerelme sajnos f\u00e9rjn\u00e9l volt (f\u00e9rje \u00c1mos Imre (1907-1944)) -, B\u00e1lint Endre (1914-1986), tov\u00e1bb\u00e1 Vajda Lajos (1908-1941) \u00e9s Vajda J\u00falia (1913-1982). A mester 1939-ben bek\u00f6vetkezett hirtelen hal\u00e1l\u00e1ig foglalkozott az ifj\u00fa m\u0171v\u00e9sszel. Tov\u00e1bbi mesterei m\u00e9g Sz\u00e1nth\u00f3 M\u00e1ria (1897-1998) fest\u0151m\u0171v\u00e9sz \u00e9s Fels\u0151\u0151ri F\u00fcl\u00f6p Elem\u00e9r (1882-1946) szobr\u00e1szm\u0171v\u00e9sz, rajztan\u00e1r, aki t\u00f6bbek k\u00f6z\u00f6tt Blaha Lujza s\u00edreml\u00e9k\u00e9vel szerzett h\u00edrnevet.<\/p>\t\t\t\t\t\t\t\t<\/div>\n\t\t\t\t<\/div>\n\t\t\t\t\t<\/div>\n\t\t<\/div>\n\t\t\t\t\t<\/div>\n\t\t<\/section>\n\t\t\t\t<section class=\"elementor-section elementor-top-section elementor-element elementor-element-70c34d2 elementor-section-boxed elementor-section-height-default elementor-section-height-default\" data-id=\"70c34d2\" data-element_type=\"section\" data-e-type=\"section\">\n\t\t\t\t\t\t<div class=\"elementor-container elementor-column-gap-default\">\n\t\t\t\t\t<div class=\"elementor-column elementor-col-100 elementor-top-column elementor-element elementor-element-791fedb\" data-id=\"791fedb\" data-element_type=\"column\" data-e-type=\"column\">\n\t\t\t<div class=\"elementor-widget-wrap elementor-element-populated\">\n\t\t\t\t\t\t<div class=\"elementor-element elementor-element-bbe2751 elementor-widget elementor-widget-text-editor\" data-id=\"bbe2751\" data-element_type=\"widget\" data-e-type=\"widget\" data-widget_type=\"text-editor.default\">\n\t\t\t\t<div class=\"elementor-widget-container\">\n\t\t\t\t\t\t\t\t\t<p>Az Iparrajziskola elv\u00e9gz\u00e9se ut\u00e1n egy h\u00f3nappal, a II. vil\u00e1gh\u00e1bor\u00fa kit\u00f6r\u00e9s\u00e9t k\u00f6vet\u0151en 1939 \u0151sz\u00e9n beh\u00edvt\u00e1k katon\u00e1nak. Nagykanizs\u00e1ra vonult be, \u00e9s mivel \u00e9retts\u00e9givel rendelkezett, ami akkort\u00e1jt nagy sz\u00f3 volt, hamarosan \u0151rvezet\u0151v\u00e9, majd tizedess\u00e9, v\u00e9g\u00fcl \u0151rmesterr\u00e9 l\u00e9ptett\u00e9k el\u0151. A magyar hadsereg k\u00f6tel\u00e9k\u00e9ben r\u00e9szt vesz az erd\u00e9lyi bevonul\u00e1sban, majd m\u00e1r mint szakaszparancsnok 1941 tavasz\u00e1n a Jugoszl\u00e1via elleni t\u00e1mad\u00e1sban, 1941 nyar\u00e1t\u00f3l pedig a Szovjetuni\u00f3 elleni t\u00e1mad\u00e1sban is. A frontokon tan\u00fas\u00edtott b\u00e1tors\u00e1g\u00e1\u00e9rt, helyt\u00e1ll\u00e1s\u00e1\u00e9rt magas kit\u00fcntet\u00e9sben r\u00e9szes\u00edtett\u00e9k \u00e9s 1943. jan 1-\u00e9n hadnaggy\u00e1 l\u00e9ptett\u00e9k el\u0151. 1945 \u00e1prilis elej\u00e9n Magyarorsz\u00e1gon v\u00e9get \u00e9rnek a harcok \u00e9s szeptember elej\u00e9n a II. vil\u00e1gh\u00e1bor\u00fa is. Leszerel\u00e9s\u00e9t k\u00f6vet\u0151en szembes\u00fclt azzal, hogy m\u00edg \u0151 a frontokon harcolt parancsokat teljes\u00edtve a haz\u00e1\u00e9rt, a h\u00e1torsz\u00e1gokban milyen \u0151r\u00fclt g\u00e9pezet m\u0171k\u00f6d\u00f6tt \u00e9s szedte \u00e1ldozatait. T\u00f6bb tucat zsid\u00f3 \u00e9s cig\u00e1ny ismer\u0151s, de j\u00f3bar\u00e1t is ennek k\u00f6sz\u00f6nhette hal\u00e1l\u00e1t, ami m\u00e9lys\u00e9gesen felkavarta \u00e9s szomor\u00fas\u00e1ggal t\u00f6lt\u00f6tte el a fiatal m\u0171v\u00e9szt. A h\u00e1bor\u00fat k\u00f6vet\u0151en megn\u0151s\u00fcl \u00e9s sikeres f\u00e9nyk\u00e9p\u00e9sz mestervizsg\u00e1val a kez\u00e9ben Szentgotth\u00e1rdon fot\u00f3m\u0171termet nyit. Mint fot\u00f3m\u0171v\u00e9sz k\u00e9peivel sikeresen szerepelt t\u00f6bbek k\u00f6z\u00f6tt az 1948-as budapesti Nemzetk\u00f6zi M\u0171v\u00e9sz F\u00e9nyk\u00e9pki\u00e1ll\u00edt\u00e1son \u00e9s az 1953-as antwerpeni XX. Nemzetk\u00f6zi Fot\u00f3szalon mez\u0151ny\u00e9ben is. Sokat dolgozik, szabadidej\u00e9ben pedig sportol, utazgat \u00e9s folyamatosan festeget. Az 1956-os forradalom \u00e9s szabads\u00e1gharc is itt Szentgotth\u00e1rdon \u00e9ri \u00e9s mint \u00e9rtelmis\u00e9git bev\u00e1lasztj\u00e1k a Megb\u00e9k\u00e9l\u00e9s P\u00e1rtj\u00e1b\u00f3l \u00e1talakult Nemzeti Bizotts\u00e1gba bizotts\u00e1gi tagnak. Miut\u00e1n az oroszok ism\u00e9t bevonultak Budapestre, ahol elkeseredett utcai harcokat k\u00f6vetve levert\u00e9k a forradalmat, elkezdt\u00e9k a magyar kommunista vezet\u0151kkel kar\u00f6ltve a megtorl\u00e1sokat. T\u00f6megek k\u00e9nyszer\u00fclnek k\u00fclf\u00f6ldre menek\u00fclni, becsl\u00e9sek szerint k\u00f6zel 400 ezer ember hagyja el, illetve sz\u00f6kik el az orsz\u00e1gb\u00f3l az elk\u00f6vetkezend\u0151 \u00e9vekben. \u00a0\u00c9let\u00fcket f\u00e9ltve feles\u00e9g\u00e9vel egy\u00fctt \u0151 is menek\u00fcl \u00e9s emigr\u00e1nsk\u00e9nt a sv\u00e1jci B\u00e1zelben telepedik le. Egy ottani m\u0171v\u00e9szeket p\u00e1rtol\u00f3 milli\u00e1rdos, Ernst Beyeler seg\u00edts\u00e9g\u00e9vel kezd \u00faj \u00e9letet. Ezt k\u00f6vet\u0151en t\u00f6bb, mint 50 \u00e9vet \u00e9l \u00e9s munk\u00e1lkodik B\u00e1zelben, a k\u00e9pz\u0151m\u0171v\u00e9szet egyik legmeghat\u00e1roz\u00f3bb k\u00f6zpontj\u00e1ban mint sikeres m\u0171v\u00e9sz \u00e9s v\u00e1llalkoz\u00f3, aki a v\u00e1ros egyik legfelkapottabb fot\u00f3szalonj\u00e1t m\u0171k\u00f6dtette majd egy f\u00e9l \u00e9vsz\u00e1zadon \u00e1t.<\/p>\t\t\t\t\t\t\t\t<\/div>\n\t\t\t\t<\/div>\n\t\t\t\t\t<\/div>\n\t\t<\/div>\n\t\t\t\t\t<\/div>\n\t\t<\/section>\n\t\t\t\t<section class=\"elementor-section elementor-top-section elementor-element elementor-element-4461d54 elementor-section-boxed elementor-section-height-default elementor-section-height-default\" data-id=\"4461d54\" data-element_type=\"section\" data-e-type=\"section\">\n\t\t\t\t\t\t<div class=\"elementor-container elementor-column-gap-default\">\n\t\t\t\t\t<div class=\"elementor-column elementor-col-50 elementor-top-column elementor-element elementor-element-fa9a5f0\" data-id=\"fa9a5f0\" data-element_type=\"column\" data-e-type=\"column\">\n\t\t\t<div class=\"elementor-widget-wrap elementor-element-populated\">\n\t\t\t\t\t\t<div class=\"elementor-element elementor-element-3e0373e elementor-widget elementor-widget-image\" data-id=\"3e0373e\" data-element_type=\"widget\" data-e-type=\"widget\" data-widget_type=\"image.default\">\n\t\t\t\t<div class=\"elementor-widget-container\">\n\t\t\t\t\t\t\t\t\t\t\t\t\t\t\t<img loading=\"lazy\" decoding=\"async\" width=\"970\" height=\"809\" src=\"https:\/\/artbusinessclub.eu\/wp-content\/uploads\/2022\/09\/Ernst-Beyeler.jpg\" class=\"attachment-large size-large wp-image-19433\" alt=\"\" srcset=\"https:\/\/artbusinessclub.eu\/wp-content\/uploads\/2022\/09\/Ernst-Beyeler.jpg 970w, https:\/\/artbusinessclub.eu\/wp-content\/uploads\/2022\/09\/Ernst-Beyeler-300x250.jpg 300w, https:\/\/artbusinessclub.eu\/wp-content\/uploads\/2022\/09\/Ernst-Beyeler-768x641.jpg 768w, https:\/\/artbusinessclub.eu\/wp-content\/uploads\/2022\/09\/Ernst-Beyeler-14x12.jpg 14w, https:\/\/artbusinessclub.eu\/wp-content\/uploads\/2022\/09\/Ernst-Beyeler-600x500.jpg 600w\" sizes=\"(max-width: 970px) 100vw, 970px\" \/>\t\t\t\t\t\t\t\t\t\t\t\t\t\t\t<\/div>\n\t\t\t\t<\/div>\n\t\t\t\t\t<\/div>\n\t\t<\/div>\n\t\t\t\t<div class=\"elementor-column elementor-col-50 elementor-top-column elementor-element elementor-element-8db2a1a\" data-id=\"8db2a1a\" data-element_type=\"column\" data-e-type=\"column\">\n\t\t\t<div class=\"elementor-widget-wrap elementor-element-populated\">\n\t\t\t\t\t\t<div class=\"elementor-element elementor-element-e6e772f elementor-widget elementor-widget-image\" data-id=\"e6e772f\" data-element_type=\"widget\" data-e-type=\"widget\" data-widget_type=\"image.default\">\n\t\t\t\t<div class=\"elementor-widget-container\">\n\t\t\t\t\t\t\t\t\t\t\t\t\t\t\t<img loading=\"lazy\" decoding=\"async\" width=\"478\" height=\"288\" src=\"https:\/\/artbusinessclub.eu\/wp-content\/uploads\/2022\/09\/Art-Basel.jpg\" class=\"attachment-large size-large wp-image-19432\" alt=\"\" srcset=\"https:\/\/artbusinessclub.eu\/wp-content\/uploads\/2022\/09\/Art-Basel.jpg 478w, https:\/\/artbusinessclub.eu\/wp-content\/uploads\/2022\/09\/Art-Basel-300x181.jpg 300w, https:\/\/artbusinessclub.eu\/wp-content\/uploads\/2022\/09\/Art-Basel-18x12.jpg 18w\" sizes=\"(max-width: 478px) 100vw, 478px\" \/>\t\t\t\t\t\t\t\t\t\t\t\t\t\t\t<\/div>\n\t\t\t\t<\/div>\n\t\t\t\t\t<\/div>\n\t\t<\/div>\n\t\t\t\t\t<\/div>\n\t\t<\/section>\n\t\t\t\t<section class=\"elementor-section elementor-top-section elementor-element elementor-element-29ae5cf elementor-section-full_width elementor-section-height-default elementor-section-height-default\" data-id=\"29ae5cf\" data-element_type=\"section\" data-e-type=\"section\">\n\t\t\t\t\t\t<div class=\"elementor-container elementor-column-gap-default\">\n\t\t\t\t\t<div class=\"elementor-column elementor-col-100 elementor-top-column elementor-element elementor-element-daf53a1\" data-id=\"daf53a1\" data-element_type=\"column\" data-e-type=\"column\">\n\t\t\t<div class=\"elementor-widget-wrap elementor-element-populated\">\n\t\t\t\t\t\t<div class=\"elementor-element elementor-element-3f30ef3 elementor-widget elementor-widget-spacer\" data-id=\"3f30ef3\" data-element_type=\"widget\" data-e-type=\"widget\" data-widget_type=\"spacer.default\">\n\t\t\t\t<div class=\"elementor-widget-container\">\n\t\t\t\t\t\t\t<div class=\"elementor-spacer\">\n\t\t\t<div class=\"elementor-spacer-inner\"><\/div>\n\t\t<\/div>\n\t\t\t\t\t\t<\/div>\n\t\t\t\t<\/div>\n\t\t\t\t\t<\/div>\n\t\t<\/div>\n\t\t\t\t\t<\/div>\n\t\t<\/section>\n\t\t\t\t<section class=\"elementor-section elementor-top-section elementor-element elementor-element-7ce110d elementor-section-boxed elementor-section-height-default elementor-section-height-default\" data-id=\"7ce110d\" data-element_type=\"section\" data-e-type=\"section\">\n\t\t\t\t\t\t<div class=\"elementor-container elementor-column-gap-default\">\n\t\t\t\t\t<div class=\"elementor-column elementor-col-100 elementor-top-column elementor-element elementor-element-2cd8725\" data-id=\"2cd8725\" data-element_type=\"column\" data-e-type=\"column\">\n\t\t\t<div class=\"elementor-widget-wrap elementor-element-populated\">\n\t\t\t\t\t\t<div class=\"elementor-element elementor-element-41c30ad elementor-widget elementor-widget-text-editor\" data-id=\"41c30ad\" data-element_type=\"widget\" data-e-type=\"widget\" data-widget_type=\"text-editor.default\">\n\t\t\t\t<div class=\"elementor-widget-container\">\n\t\t\t\t\t\t\t\t\t<p>Az \u00e9vente megrendezett Art Basel ma a vil\u00e1g egyik legrangosabb m\u0171v\u00e9szeti tal\u00e1lkoz\u00f3j\u00e1v\u00e1 n\u0151tte ki mag\u00e1t az 1970-es indul\u00e1sa \u00f3ta, amin Ernst Beyeler \u00f6tletgazda, alap\u00edt\u00f3 galerista felk\u00e9r\u00e9s\u00e9re mint helyi m\u0171v\u00e9sz Bandi b\u00e1csi is t\u00f6bbsz\u00f6r szerepelt mind festm\u00e9nyeivel, mind pedig fot\u00f3ival. T\u00f6bbek k\u00f6z\u00f6tt az 1980-as, a fot\u00f3z\u00e1s 150 \u00e9ves t\u00f6rt\u00e9net\u00e9t \u00e1tfog\u00f3 nemzetk\u00f6zi fot\u00f3ki\u00e1ll\u00edt\u00e1son, ahol a kor legnagyobb fot\u00f3sai\u00a0 jelen voltak k\u00e9peivel mint pl. Andy Warhol, a popart n\u00e9ven ismert vizu\u00e1lis m\u0171v\u00e9szeti mozgalom vezet\u0151 alakja is. Belecs\u00f6ppenve a nemzetk\u00f6zi m\u0171v\u00e9szvil\u00e1g v\u00e9r\u00e1ramlat\u00e1ba rengeteg vil\u00e1gh\u00edr\u0171 m\u0171v\u00e9sszel ismerkedik meg, szem\u00e9lyesen tal\u00e1lkozott pl. Picass\u00f3val, Alberto Giacomettival, Andy Warhollal &#8211; akivel picit m\u00e9g magyarul is tudott besz\u00e9lgetni, mivel t\u00f6rt\u00e9netesen sz\u00fclei Magyarorsz\u00e1gr\u00f3l v\u00e1ndoroltak ki Amerik\u00e1ba az 1900-as \u00e9vek elej\u00e9n -, Jean-Michel Basquiattal, Roy Lichtensteinnel, Joan Mir\u00f3val \u00e9s Oskar Kokoschk\u00e1val is, kinek m\u00e9g a Genfi-t\u00f3 partj\u00e1n fekv\u0151 montreux-i otthon\u00e1ban is t\u00f6bbsz\u00f6r megfordult a 70-es \u00e9vek k\u00f6zep\u00e9n. K\u00f6z\u00f6s, \u201etestv\u00e9ries\u201d kapocs volt k\u00f6z\u00f6tt\u00fck, hogy mindketten a k\u00fcl\u00f6nleges \u00e1llamsz\u00f6vets\u00e9g, az Osztr\u00e1k-Magyar Monarchia gyermekei voltak. Hat\u00e1sok eg\u00e9sz sora \u00e9ri, k\u00eds\u00e9rletezget, technik\u00e1kat saj\u00e1t\u00edt el, gy\u00far \u00f6ssze. A m\u00e9lt\u00e1n vil\u00e1gh\u00edr\u0171 fest\u0151k k\u00f6z\u00fcl els\u0151k\u00e9nt ki kell emelni a kor\u00e1n, mind\u00f6ssze 27 \u00e9ves kor\u00e1ban az els\u0151 vil\u00e1gh\u00e1bor\u00faban elesett August Macket (1887-1914), kinek munk\u00e1ss\u00e1ga Vaszaryhoz hasonl\u00f3an nagy hat\u00e1ssal volt Sz\u00e9kely Endre m\u0171v\u00e9szet\u00e9re. M\u00e1sodikk\u00e9nt Franz Marc (1880-1916) nev\u00e9t kell megeml\u00edteni, aki mellesleg j\u00f3 bar\u00e1tja volt August Mackenak \u00e9s akivel 1914-ben \u00f6nk\u00e9ntesk\u00e9nt jelentkeztek a n\u00e9met hadseregbe, amely v\u00e9g\u00fcl mindkett\u0151j\u00fck veszt\u00e9t is okozta. \u0150k ketten nem csak fest\u0151i munk\u00e1ss\u00e1guk miatt gyakoroltak nagy hat\u00e1st a m\u0171v\u00e9szre, hanem hazafias helyt\u00e1ll\u00e1suk, hazaszeretet\u00fck miatt is, mivel maga Bandi b\u00e1csi is a m\u00e1sodik vil\u00e1gh\u00e1bor\u00faban igazi h\u0151sk\u00e9nt harcolt a csat\u00e1kban \u00e9s b\u00e1tors\u00e1g\u00e1\u00e9rt t\u00f6bb kit\u00fcntet\u00e9sben is r\u00e9szes\u00fclt.<\/p>\t\t\t\t\t\t\t\t<\/div>\n\t\t\t\t<\/div>\n\t\t\t\t\t<\/div>\n\t\t<\/div>\n\t\t\t\t\t<\/div>\n\t\t<\/section>\n\t\t\t\t<section class=\"elementor-section elementor-top-section elementor-element elementor-element-1cf53b5 elementor-section-boxed elementor-section-height-default elementor-section-height-default\" data-id=\"1cf53b5\" data-element_type=\"section\" data-e-type=\"section\">\n\t\t\t\t\t\t<div class=\"elementor-container elementor-column-gap-default\">\n\t\t\t\t\t<div class=\"elementor-column elementor-col-100 elementor-top-column elementor-element elementor-element-8346395\" data-id=\"8346395\" data-element_type=\"column\" data-e-type=\"column\">\n\t\t\t<div class=\"elementor-widget-wrap elementor-element-populated\">\n\t\t\t\t\t\t<div class=\"elementor-element elementor-element-e131805 elementor-widget elementor-widget-text-editor\" data-id=\"e131805\" data-element_type=\"widget\" data-e-type=\"widget\" data-widget_type=\"text-editor.default\">\n\t\t\t\t<div class=\"elementor-widget-container\">\n\t\t\t\t\t\t\t\t\t<p>A teljess\u00e9g ig\u00e9nye n\u00e9lk\u00fcl t\u00f6bb vil\u00e1gh\u00edr\u0171 fest\u0151t is meg kell eml\u00edteni, kiknek munk\u00e1ss\u00e1ga leny\u0171g\u00f6zte \u00e9s ihlette a m\u0171v\u00e9szt: Pierre Auguste Renoir, Paul Gauguin, Vincent van Gogh, Henri Matisse, Alfred Manessier, Giacomo Balla, Frantisek Kupka, Gino Severini, Giulio D\u2019Anna, Umberto Boccioni, Wassily Kandinsky, Claude Monet, Serge Poliakoff, Andre Derain, Paul Cezanne, Harold Harvey, Nicolas Tarkhoff \/Nyikolaj Alekszandrovics Tarhov\/, Paul Klee, Henri Lebasque, Francis Picabia, Amedeo Modigliani, Andr\u00e9 Lhote, Willem de Kooning, Otto Freundlich, Georges Braque, Albert Gleizes, Auguste Herbin, Heinrich Campendonk, Robert Delaunay \u00e9s feles\u00e9ge Sonia Terk Delaunay fest\u0151m\u0171v\u00e9sz.<\/p>\t\t\t\t\t\t\t\t<\/div>\n\t\t\t\t<\/div>\n\t\t\t\t\t<\/div>\n\t\t<\/div>\n\t\t\t\t\t<\/div>\n\t\t<\/section>\n\t\t\t\t<section class=\"elementor-section elementor-top-section elementor-element elementor-element-14b9062 elementor-section-boxed elementor-section-height-default elementor-section-height-default\" data-id=\"14b9062\" data-element_type=\"section\" data-e-type=\"section\">\n\t\t\t\t\t\t<div class=\"elementor-container elementor-column-gap-default\">\n\t\t\t\t\t<div class=\"elementor-column elementor-col-100 elementor-top-column elementor-element elementor-element-6b516b5\" data-id=\"6b516b5\" data-element_type=\"column\" data-e-type=\"column\">\n\t\t\t<div class=\"elementor-widget-wrap elementor-element-populated\">\n\t\t\t\t\t\t<div class=\"elementor-element elementor-element-92b5305 elementor-widget elementor-widget-text-editor\" data-id=\"92b5305\" data-element_type=\"widget\" data-e-type=\"widget\" data-widget_type=\"text-editor.default\">\n\t\t\t\t<div class=\"elementor-widget-container\">\n\t\t\t\t\t\t\t\t\t<p>A h\u00e1zasp\u00e1r az \u00e9vek alatt j\u00f3 bar\u00e1tja lett t\u00e1mogat\u00f3juknak, a h\u00edres m\u0171keresked\u0151 \u00e9s m\u0171gy\u0171jt\u0151 Ernst Beyelernek \u00e9s feles\u00e9g\u00e9nek Hild\u00e1nak, akik megalap\u00edtott\u00e1k B\u00e1zelben a m\u00e9lt\u00e1n h\u00edres Beyeler Alap\u00edtv\u00e1nyt, tov\u00e1bb\u00e1 mag\u00e1nm\u00fazeumukat, \u00e9s akikr\u0151l a The Daily Telegraph \u00e9s a The New York Times is Eur\u00f3pa kiemelked\u0151 \u00e9s nagyon befoly\u00e1sos m\u0171v\u00e9szeti keresked\u0151ik\u00e9nt \u00edrt. A Beyeler Alap\u00edtv\u00e1ny sz\u00e1m\u00e1ra Bandi b\u00e1csi is t\u00f6bb k\u00e9pet aj\u00e1nd\u00e9kozott k\u00f6sz\u00f6netk\u00e9nt az 56-os leteleped\u00e9sben val\u00f3 seg\u00edts\u00e9gny\u00fajt\u00e1s\u00e9rt \u00e9s az azt k\u00f6vet\u0151 bar\u00e1ts\u00e1guk jelek\u00e9nt.<\/p><p>A leteleped\u00e9s\u00fcket k\u00f6vet\u0151en kicsalja Sv\u00e1jcba gyerekkori bar\u00e1tj\u00e1t is, a tehets\u00e9ges fest\u0151m\u0171v\u00e9szt, az akkort\u00e1jt itthon csak veget\u00e1l\u00f3 \u00e9s kem\u00e9ny fizikai munk\u00e1b\u00f3l \u00e9l\u0151 Tscheligi Lajost (1913-2003), aki csal\u00e1dj\u00e1val 1957-ben telepedik le Sv\u00e1jcban \u00e9s vill\u00e1mgyors karriert fut be. A Tscheligire oly jellemz\u0151 st\u00edlust, a metafizikai absztrakt technik\u00e1t\u00a0 k\u00f6z\u00f6sen k\u00eds\u00e9rletezik, csiszolj\u00e1k, maga Sz\u00e9kely Endre is sok ilyen \u00e9s hasonl\u00f3 k\u00e9pet fest. Sokan \u00fagy gondolt\u00e1k, hogy az absztrakt m\u0171v\u00e9szet zs\u00e1kutca, de az \u0151 v\u00e9lem\u00e9ny\u00fck m\u00e1s volt, azt vallott\u00e1k, hogy az absztrakt m\u0171v\u00e9szet gy\u0151zelem az elme \u00e9s az anyag f\u00f6l\u00f6tt. Tscheligi siker\u00e9t mi sem bizony\u00edtja jobban, mint az, hogy hal\u00e1l\u00e1ig szinte a vil\u00e1g minden szeglet\u00e9ben voltak ki\u00e1ll\u00edt\u00e1sai \u00e9s m\u00e9g azt k\u00f6vet\u0151en, napjainkban is folyamatosan rendeznek ki\u00e1ll\u00edt\u00e1st m\u0171veib\u0151l az \u00f6r\u00f6k\u00f6s\u00f6k.<\/p>\t\t\t\t\t\t\t\t<\/div>\n\t\t\t\t<\/div>\n\t\t\t\t\t<\/div>\n\t\t<\/div>\n\t\t\t\t\t<\/div>\n\t\t<\/section>\n\t\t\t\t<section class=\"elementor-section elementor-top-section elementor-element elementor-element-39be0f7 elementor-section-boxed elementor-section-height-default elementor-section-height-default\" data-id=\"39be0f7\" data-element_type=\"section\" data-e-type=\"section\">\n\t\t\t\t\t\t<div class=\"elementor-container elementor-column-gap-default\">\n\t\t\t\t\t<div class=\"elementor-column elementor-col-100 elementor-top-column elementor-element elementor-element-b05f970\" data-id=\"b05f970\" data-element_type=\"column\" data-e-type=\"column\">\n\t\t\t<div class=\"elementor-widget-wrap elementor-element-populated\">\n\t\t\t\t\t\t<div class=\"elementor-element elementor-element-f3335b5 elementor-widget elementor-widget-text-editor\" data-id=\"f3335b5\" data-element_type=\"widget\" data-e-type=\"widget\" data-widget_type=\"text-editor.default\">\n\t\t\t\t<div class=\"elementor-widget-container\">\n\t\t\t\t\t\t\t\t\t<p>A rendszerv\u00e1lt\u00e1st k\u00f6vet\u0151en sok emigr\u00e1ci\u00f3ba k\u00e9nyszer\u00fclt magyarhoz hasonl\u00f3an Bandi b\u00e1csi is rendszeresen hazal\u00e1togatott Magyarorsz\u00e1gra. Ekkor f\u0151leg a Nagykanizs\u00e1hoz k\u00f6zeli \u0151rtilosi birtokukon tart\u00f3zkodik feles\u00e9g\u00e9vel \u00e9s bar\u00e1taival, de a sz\u00edve visszah\u00fazta egykori iskol\u00e1j\u00e1ba, az Iparrajziskol\u00e1ba is, amely ma K\u00e9pz\u0151-\u00e9s Iparm\u0171v\u00e9szeti Szakk\u00f6z\u00e9piskolak\u00e9nt m\u0171k\u00f6dik. \u00d6nzetlen seg\u00edt\u0151k\u00e9szs\u00e9ge bizony\u00edt\u00e9kak\u00e9nt az iskola tehets\u00e9ges \u00e9s szorgalmas, de neh\u00e9z szoci\u00e1lis helyzet\u0171 tanul\u00f3it rendszeresen jelent\u0151s p\u00e9nz\u00f6sszegekkel t\u00e1mogatja, ami miatt 2011-ben k\u00f6sz\u00f6netk\u00e9nt az iskol\u00e1t\u00f3l a <em>K\u00e9pz\u0151-\u00e9s Iparm\u0171v\u00e9szeti Szakk\u00f6z\u00e9piskola Tantest\u00fclet\u00e9nek \u00d6r\u00f6k\u00f6s Tiszteletbeli Tagja<\/em> kit\u00fcntet\u0151 c\u00edmet kapja.<\/p><p>Festm\u00e9nyeket nem adott el, mivel nagyon j\u00f3l meg\u00e9lt a fot\u00f3szalonj\u00e1b\u00f3l, ink\u00e1bb csak aj\u00e1nd\u00e9kozott, \u00edgy a ki\u00e1ll\u00edt\u00e1sokon szerepeltetett k\u00e9pein t\u00fal csak kevesen ismert\u00e9k kint is a teljes fest\u0151i munk\u00e1ss\u00e1g\u00e1t, itthon pedig szinte egy\u00e1ltal\u00e1n nem. A k\u00fclf\u00f6ld\u00f6n \u00e9l\u0151 m\u0171v\u00e9szeink am\u00fagy is tabunak sz\u00e1m\u00edtanak ez id\u0151ben, \u00e9s csak mostans\u00e1g kezdik \u0151ket \u00fagymond felfedezni, l\u00e1sd p\u00e9ld\u00e1ul a m\u00e9lt\u00e1n vil\u00e1gh\u00edr\u0171 Reigl Judit, Csernus Tibor, Hantai Simon, S\u00e1ndorfi Istv\u00e1n, Rozsda Endre\u00a0 stb. &#8211; itt k\u00f6sz\u00f6net\u00a0 \u00e1ldozatos munk\u00e1j\u00e1\u00e9rt Makl\u00e1ry K\u00e1lm\u00e1n m\u0171gy\u0171jt\u0151, galerista szakembernek, mert n\u00e9lk\u00fcle nagy val\u00f3sz\u00edn\u0171s\u00e9ggel m\u00e9g mindig hom\u00e1ly fedn\u00e9 itthon ezen vil\u00e1gh\u00edr\u0171 magyar sz\u00fclet\u00e9s\u0171 m\u0171v\u00e9szek munk\u00e1ss\u00e1g\u00e1t is! Tov\u00e1bb\u00e1 illik m\u00e9g itt k\u00f6sz\u00f6netet mondani t\u00f6bb szakembernek, kiknek \u00e1ldozatos munk\u00e1ja a rendszerv\u00e1lt\u00e1st k\u00f6vet\u0151en \u00fajra visszahelyezte a nemzetk\u00f6zi porondra a magyar fest\u00e9szetet \u00e9s m\u0171t\u00e1rgypiacot: Vir\u00e1g Judit, Kieselbach Tam\u00e1s, Barki Gergely, Molnos P\u00e9ter, Ernst Gal\u00e9ria tulajdonosai Korani Eleni \u00e9s Ernst Wastl, Nagyh\u00e1zi S\u00e1ndor \u00e9s So\u00f3ky Marietta stb., de m\u00e9g van j\u00f3 p\u00e1r ember, akinek kij\u00e1rna ez\u00e9rt a k\u00f6sz\u00f6net!<\/p>\t\t\t\t\t\t\t\t<\/div>\n\t\t\t\t<\/div>\n\t\t\t\t\t<\/div>\n\t\t<\/div>\n\t\t\t\t\t<\/div>\n\t\t<\/section>\n\t\t\t\t<section class=\"elementor-section elementor-top-section elementor-element elementor-element-7f6a705 elementor-section-boxed elementor-section-height-default elementor-section-height-default\" data-id=\"7f6a705\" data-element_type=\"section\" data-e-type=\"section\">\n\t\t\t\t\t\t<div class=\"elementor-container elementor-column-gap-default\">\n\t\t\t\t\t<div class=\"elementor-column elementor-col-100 elementor-top-column elementor-element elementor-element-076ef15\" data-id=\"076ef15\" data-element_type=\"column\" data-e-type=\"column\">\n\t\t\t<div class=\"elementor-widget-wrap elementor-element-populated\">\n\t\t\t\t\t\t<div class=\"elementor-element elementor-element-0383aab elementor-widget elementor-widget-text-editor\" data-id=\"0383aab\" data-element_type=\"widget\" data-e-type=\"widget\" data-widget_type=\"text-editor.default\">\n\t\t\t\t<div class=\"elementor-widget-container\">\n\t\t\t\t\t\t\t\t\t<p>Soha nem t\u00f6rekedett nagy ismerts\u00e9gre a m\u0171v\u00e9sz, a k\u00e9pei olyanok neki mintha gyermekei lettek volna, mivel az sajnos nem adatott meg nekik, b\u00e1rmennyire is szerett\u00e9k volna feles\u00e9g\u00e9vel. Feles\u00e9ge hal\u00e1l\u00e1t k\u00f6vet\u0151en feladja sv\u00e1jci \u00e9let\u00e9t az id\u0151s m\u0171v\u00e9sz \u00e9s hazak\u00f6lt\u00f6zik Magyarorsz\u00e1gra. Hal\u00e1l\u00e1ig Nagykanizs\u00e1n \u00e9l \u00e9s munk\u00e1lkodik, ahol is unokah\u00faga Babika gondozza az id\u0151s m\u0171v\u00e9szt.<\/p><p>2014-ben 97 \u00e9ves kor\u00e1ban bek\u00f6vetkezett hal\u00e1la ut\u00e1n hamvait feles\u00e9ge mellett \u0150rtiloson helyezik \u00f6r\u00f6k nyugalomba. Hal\u00e1l\u00e1val egy dics\u0151 korszak, az 1830-1930 k\u00f6z\u00f6tt sz\u00fcletett magyar klasszikusok tal\u00e1n utols\u00f3 f\u00e9rfi k\u00e9pvisel\u0151je t\u00e1vozott. M\u00edg fociban Pusk\u00e1s \u00d6csi\u00e9k voltak az Aranycsapat, addig a fest\u00e9szetben k\u00e9ts\u00e9gk\u00edv\u00fcl \u0151k voltak azok. Ezen magyar m\u0171v\u00e9szek m\u00e9g igazi vil\u00e1gpolg\u00e1rok voltak, akik nagyon fontosnak tartott\u00e1k a nyugati kapcsolatokat a m\u0171v\u00e9szetben is, kapocsk\u00e9nt szolg\u00e1lva nemzetek \u00e9s a haz\u00e1t\u00f3l t\u00e1vol \u00e9l\u0151 honfit\u00e1rsak k\u00f6z\u00f6tt.<\/p><p>Sz\u00e9kely Endre k\u00e9pei bizony\u00edt\u00e9k arra, hogy nem v\u00e9letlen\u00fcl voltak ilyen fantasztikus tan\u00e1rai, mesterei. K\u00e9peiben fellelhet\u0151 a magas szint\u0171 m\u0171v\u00e9szi kvalit\u00e1s, amit \u0151 igen sokra tartott a fest\u00e9szetben, \u00e9s nem szerette az el\u00fczletiesedett fest\u00e9szetet, ahol m\u00e1r szinte nem is a kvalit\u00e1s\u00e9rt, hanem sokszor csak a szign\u00f3\u00e9rt fizetnek vagyonokat a v\u00e1s\u00e1rl\u00f3k. \u0150 maga csak ritk\u00e1n szign\u00f3zta k\u00e9peit, tal\u00e1n csak a ki\u00e1ll\u00edt\u00e1sokra k\u00e9sz\u00edtett, illetve aj\u00e1nd\u00e9koz\u00e1sra sz\u00e1nt k\u00e9peit, t\u00f6bbit nem, mivel saj\u00e1t mag\u00e1nak festette \u0151ket. Hal\u00e1l\u00e1t k\u00f6vet\u0151en k\u00e9pei (saj\u00e1t munk\u00e1k \u00e9s az aj\u00e1nd\u00e9kba kapott, ill. megv\u00e1s\u00e1rolt k\u00e9pek), \u00f6sszmunk\u00e1ss\u00e1ga lesz\u00e1m\u00edtva egy kisebb mennyis\u00e9get egy k\u00e9zbe ker\u00fcltek, \u00edgy lehet\u0151s\u00e9g lesz arra, hogy a t\u00f6bb sz\u00e1z darabos gy\u0171jtem\u00e9nyt az \u00e9let\u00e9t \u00e9s munk\u00e1ss\u00e1g\u00e1t bemutat\u00f3 ki\u00e1ll\u00edt\u00e1son csod\u00e1lhatj\u00e1k meg a m\u0171v\u00e9szet ir\u00e1nt \u00e9rdekl\u0151d\u0151k.<\/p>\t\t\t\t\t\t\t\t<\/div>\n\t\t\t\t<\/div>\n\t\t\t\t\t<\/div>\n\t\t<\/div>\n\t\t\t\t\t<\/div>\n\t\t<\/section>\n\t\t\t\t<section class=\"elementor-section elementor-top-section elementor-element elementor-element-c1a5f17 elementor-section-boxed elementor-section-height-default elementor-section-height-default\" data-id=\"c1a5f17\" data-element_type=\"section\" data-e-type=\"section\">\n\t\t\t\t\t\t<div class=\"elementor-container elementor-column-gap-default\">\n\t\t\t\t\t<div class=\"elementor-column elementor-col-100 elementor-top-column elementor-element elementor-element-75b4a9d\" data-id=\"75b4a9d\" data-element_type=\"column\" data-e-type=\"column\">\n\t\t\t<div class=\"elementor-widget-wrap elementor-element-populated\">\n\t\t\t\t\t\t<div class=\"elementor-element elementor-element-c0c64fa elementor-widget elementor-widget-text-editor\" data-id=\"c0c64fa\" data-element_type=\"widget\" data-e-type=\"widget\" data-widget_type=\"text-editor.default\">\n\t\t\t\t<div class=\"elementor-widget-container\">\n\t\t\t\t\t\t\t\t\t<p>M\u00e9lt\u00f3 megeml\u00e9kez\u00e9sek\u00e9nt e dics\u0151 korszak egyik utols\u00f3 k\u00e9pvisel\u0151j\u00e9r\u0151l, aki b\u00fcszk\u00e9n elmondhatta mag\u00e1r\u00f3l, hogy<\/p><p>\u201eVaszary utols\u00f3 tan\u00edtv\u00e1nya voltam!\u201d<\/p>\t\t\t\t\t\t\t\t<\/div>\n\t\t\t\t<\/div>\n\t\t\t\t\t<\/div>\n\t\t<\/div>\n\t\t\t\t\t<\/div>\n\t\t<\/section>\n\t\t\t\t<\/div>","protected":false},"excerpt":{"rendered":"<p>Sz\u00e9kely Endre (1917-2014) Teljes nev\u00e9n Sz\u00e9kely Endre \u00c1rp\u00e1d fest\u0151, fot\u00f3m\u0171v\u00e9sz, aki 1917-ben az Osztr\u00e1k-Magyar Monarchia idej\u00e9n sz\u00fcletett Budapesten \u00e9s 2014-ben Nagykanizs\u00e1n halt meg. Az I. vil\u00e1gh\u00e1bor\u00fa borzalmaival teli id\u0151szak\u00e1ban sz\u00fcletik meg, majd cseperedik fel Budapesten. Elt\u00f6k\u00e9lt tehets\u00e9ges ifj\u00fak\u00e9nt kezd el rajzolni. Els\u0151 rajztan\u00e1ra R\u00e9vfy K\u00e1ldi J\u00e1nos grafikus, majd a kiv\u00e1l\u00f3 Vaszary tan\u00edtv\u00e1ny, \u00a0k\u00e9s\u0151bbi tan\u00e1rseg\u00e9d Em\u0151d [&hellip;]<\/p>\n","protected":false},"author":1,"featured_media":0,"parent":0,"menu_order":0,"comment_status":"closed","ping_status":"closed","template":"","meta":{"site-sidebar-layout":"no-sidebar","site-content-layout":"page-builder","ast-site-content-layout":"default","site-content-style":"default","site-sidebar-style":"default","ast-global-header-display":"","ast-banner-title-visibility":"","ast-main-header-display":"","ast-hfb-above-header-display":"","ast-hfb-below-header-display":"","ast-hfb-mobile-header-display":"","site-post-title":"disabled","ast-breadcrumbs-content":"","ast-featured-img":"disabled","footer-sml-layout":"","ast-disable-related-posts":"","theme-transparent-header-meta":"","adv-header-id-meta":"","stick-header-meta":"","header-above-stick-meta":"","header-main-stick-meta":"","header-below-stick-meta":"","astra-migrate-meta-layouts":"default","ast-page-background-enabled":"default","ast-page-background-meta":{"desktop":{"background-color":"","background-image":"","background-repeat":"repeat","background-position":"center center","background-size":"auto","background-attachment":"scroll","background-type":"","background-media":"","overlay-type":"","overlay-color":"","overlay-opacity":"","overlay-gradient":""},"tablet":{"background-color":"","background-image":"","background-repeat":"repeat","background-position":"center center","background-size":"auto","background-attachment":"scroll","background-type":"","background-media":"","overlay-type":"","overlay-color":"","overlay-opacity":"","overlay-gradient":""},"mobile":{"background-color":"","background-image":"","background-repeat":"repeat","background-position":"center center","background-size":"auto","background-attachment":"scroll","background-type":"","background-media":"","overlay-type":"","overlay-color":"","overlay-opacity":"","overlay-gradient":""}},"ast-content-background-meta":{"desktop":{"background-color":"var(--ast-global-color-5)","background-image":"","background-repeat":"repeat","background-position":"center center","background-size":"auto","background-attachment":"scroll","background-type":"","background-media":"","overlay-type":"","overlay-color":"","overlay-opacity":"","overlay-gradient":""},"tablet":{"background-color":"var(--ast-global-color-5)","background-image":"","background-repeat":"repeat","background-position":"center center","background-size":"auto","background-attachment":"scroll","background-type":"","background-media":"","overlay-type":"","overlay-color":"","overlay-opacity":"","overlay-gradient":""},"mobile":{"background-color":"var(--ast-global-color-5)","background-image":"","background-repeat":"repeat","background-position":"center center","background-size":"auto","background-attachment":"scroll","background-type":"","background-media":"","overlay-type":"","overlay-color":"","overlay-opacity":"","overlay-gradient":""}},"footnotes":""},"class_list":["post-19423","page","type-page","status-publish","hentry"],"yoast_head":"<!-- This site is optimized with the Yoast SEO plugin v28.3 - https:\/\/yoast.com\/product\/yoast-seo-wordpress\/ -->\n<title>Sz\u00e9kely Endre (1917-2014) - Art Business Club M\u0171kereskedelmi Kft.<\/title>\n<meta name=\"description\" content=\"Sz\u00e9kely Endre (1917-2014) Teljes nev\u00e9n Sz\u00e9kely Endre \u00c1rp\u00e1d fest\u0151, fot\u00f3m\u0171v\u00e9sz, aki 1917-ben az Osztr\u00e1k-Magyar Monarchia idej\u00e9n sz\u00fcletett Budapesten \u00e9s\" \/>\n<meta name=\"robots\" content=\"index, follow, max-snippet:-1, max-image-preview:large, max-video-preview:-1\" \/>\n<link rel=\"canonical\" href=\"https:\/\/artbusinessclub.eu\/en\/szekely-endre-1917-2014\/\" \/>\n<meta property=\"og:locale\" content=\"en_US\" \/>\n<meta property=\"og:type\" content=\"article\" \/>\n<meta property=\"og:title\" content=\"Sz\u00e9kely Endre (1917-2014) - Art Business Club M\u0171kereskedelmi Kft.\" \/>\n<meta property=\"og:description\" content=\"Sz\u00e9kely Endre (1917-2014) Teljes nev\u00e9n Sz\u00e9kely Endre \u00c1rp\u00e1d fest\u0151, fot\u00f3m\u0171v\u00e9sz, aki 1917-ben az Osztr\u00e1k-Magyar Monarchia idej\u00e9n sz\u00fcletett Budapesten \u00e9s\" \/>\n<meta property=\"og:url\" content=\"https:\/\/artbusinessclub.eu\/en\/szekely-endre-1917-2014\/\" \/>\n<meta property=\"og:site_name\" content=\"Art Business Club M\u0171kereskedelmi Kft.\" \/>\n<meta property=\"article:modified_time\" content=\"2022-09-15T07:57:45+00:00\" \/>\n<meta property=\"og:image\" content=\"https:\/\/artbusinessclub.eu\/wp-content\/uploads\/2022\/09\/Szekely-Endre-kisgyerek.jpg\" \/>\n<meta name=\"twitter:card\" content=\"summary_large_image\" \/>\n<meta name=\"twitter:label1\" content=\"Est. reading time\" \/>\n\t<meta name=\"twitter:data1\" content=\"12 minutes\" \/>\n<script type=\"application\/ld+json\" class=\"yoast-schema-graph\">{\"@context\":\"https:\\\/\\\/schema.org\",\"@graph\":[{\"@type\":\"WebPage\",\"@id\":\"https:\\\/\\\/artbusinessclub.eu\\\/szekely-endre-1917-2014\\\/\",\"url\":\"https:\\\/\\\/artbusinessclub.eu\\\/szekely-endre-1917-2014\\\/\",\"name\":\"Sz\u00e9kely Endre (1917-2014) - Art Business Club M\u0171kereskedelmi Kft.\",\"isPartOf\":{\"@id\":\"https:\\\/\\\/artbusinessclub.eu\\\/en\\\/#website\"},\"primaryImageOfPage\":{\"@id\":\"https:\\\/\\\/artbusinessclub.eu\\\/szekely-endre-1917-2014\\\/#primaryimage\"},\"image\":{\"@id\":\"https:\\\/\\\/artbusinessclub.eu\\\/szekely-endre-1917-2014\\\/#primaryimage\"},\"thumbnailUrl\":\"https:\\\/\\\/artbusinessclub.eu\\\/wp-content\\\/uploads\\\/2022\\\/09\\\/Szekely-Endre-kisgyerek.jpg\",\"datePublished\":\"2022-09-15T07:43:55+00:00\",\"dateModified\":\"2022-09-15T07:57:45+00:00\",\"description\":\"Sz\u00e9kely Endre (1917-2014) Teljes nev\u00e9n Sz\u00e9kely Endre \u00c1rp\u00e1d fest\u0151, fot\u00f3m\u0171v\u00e9sz, aki 1917-ben az Osztr\u00e1k-Magyar Monarchia idej\u00e9n sz\u00fcletett Budapesten \u00e9s\",\"breadcrumb\":{\"@id\":\"https:\\\/\\\/artbusinessclub.eu\\\/szekely-endre-1917-2014\\\/#breadcrumb\"},\"inLanguage\":\"en-US\",\"potentialAction\":[{\"@type\":\"ReadAction\",\"target\":[\"https:\\\/\\\/artbusinessclub.eu\\\/szekely-endre-1917-2014\\\/\"]}]},{\"@type\":\"ImageObject\",\"inLanguage\":\"en-US\",\"@id\":\"https:\\\/\\\/artbusinessclub.eu\\\/szekely-endre-1917-2014\\\/#primaryimage\",\"url\":\"https:\\\/\\\/artbusinessclub.eu\\\/wp-content\\\/uploads\\\/2022\\\/09\\\/Szekely-Endre-kisgyerek.jpg\",\"contentUrl\":\"https:\\\/\\\/artbusinessclub.eu\\\/wp-content\\\/uploads\\\/2022\\\/09\\\/Szekely-Endre-kisgyerek.jpg\"},{\"@type\":\"BreadcrumbList\",\"@id\":\"https:\\\/\\\/artbusinessclub.eu\\\/szekely-endre-1917-2014\\\/#breadcrumb\",\"itemListElement\":[{\"@type\":\"ListItem\",\"position\":1,\"name\":\"Kezd\u0151lap\",\"item\":\"https:\\\/\\\/artbusinessclub.eu\\\/\"},{\"@type\":\"ListItem\",\"position\":2,\"name\":\"Sz\u00e9kely Endre (1917-2014)\"}]},{\"@type\":\"WebSite\",\"@id\":\"https:\\\/\\\/artbusinessclub.eu\\\/en\\\/#website\",\"url\":\"https:\\\/\\\/artbusinessclub.eu\\\/en\\\/\",\"name\":\"Art Business Club M\u0171kereskedelmi Kft.\",\"description\":\"Fektesse p\u00e9nz\u00e9t festm\u00e9nyekbe!\",\"publisher\":{\"@id\":\"https:\\\/\\\/artbusinessclub.eu\\\/en\\\/#organization\"},\"potentialAction\":[{\"@type\":\"SearchAction\",\"target\":{\"@type\":\"EntryPoint\",\"urlTemplate\":\"https:\\\/\\\/artbusinessclub.eu\\\/en\\\/?s={search_term_string}\"},\"query-input\":{\"@type\":\"PropertyValueSpecification\",\"valueRequired\":true,\"valueName\":\"search_term_string\"}}],\"inLanguage\":\"en-US\"},{\"@type\":\"Organization\",\"@id\":\"https:\\\/\\\/artbusinessclub.eu\\\/en\\\/#organization\",\"name\":\"ART BUSINESS CLUB M\u0171kereskedelmi Kft.\",\"url\":\"https:\\\/\\\/artbusinessclub.eu\\\/en\\\/\",\"logo\":{\"@type\":\"ImageObject\",\"inLanguage\":\"en-US\",\"@id\":\"https:\\\/\\\/artbusinessclub.eu\\\/en\\\/#\\\/schema\\\/logo\\\/image\\\/\",\"url\":\"https:\\\/\\\/artbusinessclub.eu\\\/wp-content\\\/uploads\\\/2021\\\/04\\\/artbusiness01.png\",\"contentUrl\":\"https:\\\/\\\/artbusinessclub.eu\\\/wp-content\\\/uploads\\\/2021\\\/04\\\/artbusiness01.png\",\"width\":1456,\"height\":323,\"caption\":\"ART BUSINESS CLUB M\u0171kereskedelmi Kft.\"},\"image\":{\"@id\":\"https:\\\/\\\/artbusinessclub.eu\\\/en\\\/#\\\/schema\\\/logo\\\/image\\\/\"}}]}<\/script>\n<!-- \/ Yoast SEO plugin. -->","yoast_head_json":{"title":"Sz\u00e9kely Endre (1917-2014) - Art Business Club M\u0171kereskedelmi Kft.","description":"Sz\u00e9kely Endre (1917-2014) Teljes nev\u00e9n Sz\u00e9kely Endre \u00c1rp\u00e1d fest\u0151, fot\u00f3m\u0171v\u00e9sz, aki 1917-ben az Osztr\u00e1k-Magyar Monarchia idej\u00e9n sz\u00fcletett Budapesten \u00e9s","robots":{"index":"index","follow":"follow","max-snippet":"max-snippet:-1","max-image-preview":"max-image-preview:large","max-video-preview":"max-video-preview:-1"},"canonical":"https:\/\/artbusinessclub.eu\/en\/szekely-endre-1917-2014\/","og_locale":"en_US","og_type":"article","og_title":"Sz\u00e9kely Endre (1917-2014) - Art Business Club M\u0171kereskedelmi Kft.","og_description":"Sz\u00e9kely Endre (1917-2014) Teljes nev\u00e9n Sz\u00e9kely Endre \u00c1rp\u00e1d fest\u0151, fot\u00f3m\u0171v\u00e9sz, aki 1917-ben az Osztr\u00e1k-Magyar Monarchia idej\u00e9n sz\u00fcletett Budapesten \u00e9s","og_url":"https:\/\/artbusinessclub.eu\/en\/szekely-endre-1917-2014\/","og_site_name":"Art Business Club M\u0171kereskedelmi Kft.","article_modified_time":"2022-09-15T07:57:45+00:00","og_image":[{"url":"https:\/\/artbusinessclub.eu\/wp-content\/uploads\/2022\/09\/Szekely-Endre-kisgyerek.jpg","type":"","width":"","height":""}],"twitter_card":"summary_large_image","twitter_misc":{"Est. reading time":"12 minutes"},"schema":{"@context":"https:\/\/schema.org","@graph":[{"@type":"WebPage","@id":"https:\/\/artbusinessclub.eu\/szekely-endre-1917-2014\/","url":"https:\/\/artbusinessclub.eu\/szekely-endre-1917-2014\/","name":"Sz\u00e9kely Endre (1917-2014) - Art Business Club M\u0171kereskedelmi Kft.","isPartOf":{"@id":"https:\/\/artbusinessclub.eu\/en\/#website"},"primaryImageOfPage":{"@id":"https:\/\/artbusinessclub.eu\/szekely-endre-1917-2014\/#primaryimage"},"image":{"@id":"https:\/\/artbusinessclub.eu\/szekely-endre-1917-2014\/#primaryimage"},"thumbnailUrl":"https:\/\/artbusinessclub.eu\/wp-content\/uploads\/2022\/09\/Szekely-Endre-kisgyerek.jpg","datePublished":"2022-09-15T07:43:55+00:00","dateModified":"2022-09-15T07:57:45+00:00","description":"Sz\u00e9kely Endre (1917-2014) Teljes nev\u00e9n Sz\u00e9kely Endre \u00c1rp\u00e1d fest\u0151, fot\u00f3m\u0171v\u00e9sz, aki 1917-ben az Osztr\u00e1k-Magyar Monarchia idej\u00e9n sz\u00fcletett Budapesten \u00e9s","breadcrumb":{"@id":"https:\/\/artbusinessclub.eu\/szekely-endre-1917-2014\/#breadcrumb"},"inLanguage":"en-US","potentialAction":[{"@type":"ReadAction","target":["https:\/\/artbusinessclub.eu\/szekely-endre-1917-2014\/"]}]},{"@type":"ImageObject","inLanguage":"en-US","@id":"https:\/\/artbusinessclub.eu\/szekely-endre-1917-2014\/#primaryimage","url":"https:\/\/artbusinessclub.eu\/wp-content\/uploads\/2022\/09\/Szekely-Endre-kisgyerek.jpg","contentUrl":"https:\/\/artbusinessclub.eu\/wp-content\/uploads\/2022\/09\/Szekely-Endre-kisgyerek.jpg"},{"@type":"BreadcrumbList","@id":"https:\/\/artbusinessclub.eu\/szekely-endre-1917-2014\/#breadcrumb","itemListElement":[{"@type":"ListItem","position":1,"name":"Kezd\u0151lap","item":"https:\/\/artbusinessclub.eu\/"},{"@type":"ListItem","position":2,"name":"Sz\u00e9kely Endre (1917-2014)"}]},{"@type":"WebSite","@id":"https:\/\/artbusinessclub.eu\/en\/#website","url":"https:\/\/artbusinessclub.eu\/en\/","name":"Art Business Club Art Trading Ltd.","description":"Invest your money in paintings!","publisher":{"@id":"https:\/\/artbusinessclub.eu\/en\/#organization"},"potentialAction":[{"@type":"SearchAction","target":{"@type":"EntryPoint","urlTemplate":"https:\/\/artbusinessclub.eu\/en\/?s={search_term_string}"},"query-input":{"@type":"PropertyValueSpecification","valueRequired":true,"valueName":"search_term_string"}}],"inLanguage":"en-US"},{"@type":"Organization","@id":"https:\/\/artbusinessclub.eu\/en\/#organization","name":"ART BUSINESS CLUB Art Trading Ltd.","url":"https:\/\/artbusinessclub.eu\/en\/","logo":{"@type":"ImageObject","inLanguage":"en-US","@id":"https:\/\/artbusinessclub.eu\/en\/#\/schema\/logo\/image\/","url":"https:\/\/artbusinessclub.eu\/wp-content\/uploads\/2021\/04\/artbusiness01.png","contentUrl":"https:\/\/artbusinessclub.eu\/wp-content\/uploads\/2021\/04\/artbusiness01.png","width":1456,"height":323,"caption":"ART BUSINESS CLUB M\u0171kereskedelmi Kft."},"image":{"@id":"https:\/\/artbusinessclub.eu\/en\/#\/schema\/logo\/image\/"}}]}},"_links":{"self":[{"href":"https:\/\/artbusinessclub.eu\/en\/wp-json\/wp\/v2\/pages\/19423","targetHints":{"allow":["GET"]}}],"collection":[{"href":"https:\/\/artbusinessclub.eu\/en\/wp-json\/wp\/v2\/pages"}],"about":[{"href":"https:\/\/artbusinessclub.eu\/en\/wp-json\/wp\/v2\/types\/page"}],"author":[{"embeddable":true,"href":"https:\/\/artbusinessclub.eu\/en\/wp-json\/wp\/v2\/users\/1"}],"replies":[{"embeddable":true,"href":"https:\/\/artbusinessclub.eu\/en\/wp-json\/wp\/v2\/comments?post=19423"}],"version-history":[{"count":20,"href":"https:\/\/artbusinessclub.eu\/en\/wp-json\/wp\/v2\/pages\/19423\/revisions"}],"predecessor-version":[{"id":19448,"href":"https:\/\/artbusinessclub.eu\/en\/wp-json\/wp\/v2\/pages\/19423\/revisions\/19448"}],"wp:attachment":[{"href":"https:\/\/artbusinessclub.eu\/en\/wp-json\/wp\/v2\/media?parent=19423"}],"curies":[{"name":"wp","href":"https:\/\/api.w.org\/{rel}","templated":true}]}}